{"id":239,"date":"2019-07-05T10:27:22","date_gmt":"2019-07-05T13:27:22","guid":{"rendered":"http:\/\/nsltecnologia.com.br\/?page_id=239"},"modified":"2020-11-09T20:20:48","modified_gmt":"2020-11-09T23:20:48","slug":"modernize-o-processo-de-gestao-escolar-com-o-i-educar","status":"publish","type":"page","link":"https:\/\/nsltecnologia.com.br\/?page_id=239","title":{"rendered":"Modernize o processo de gest\u00e3o escolar com o i-Educar."},"content":{"rendered":"\n<figure class=\"wp-block-image\"><img loading=\"lazy\" decoding=\"async\" width=\"742\" height=\"291\" src=\"http:\/\/nsltecnologia.com.br\/wp-content\/uploads\/2019\/07\/i-educar.png\" alt=\"\" class=\"wp-image-384\" srcset=\"https:\/\/nsltecnologia.com.br\/wp-content\/uploads\/2019\/07\/i-educar.png 742w, https:\/\/nsltecnologia.com.br\/wp-content\/uploads\/2019\/07\/i-educar-600x235.png 600w, https:\/\/nsltecnologia.com.br\/wp-content\/uploads\/2019\/07\/i-educar-300x118.png 300w\" sizes=\"auto, (max-width: 742px) 100vw, 742px\" \/><\/figure>\n\n\n\n<h3 class=\"wp-block-heading\">Sobre o i-Educar<\/h3>\n\n\n\n<p class=\"has-text-align-left\">O i-Educar \u00e9 um software de gest\u00e3o escolar que centraliza as informa\u00e7\u00f5es de um sistema educacional municipal, diminuindo a necessidade de uso de papel, a duplicidade de documentos, o tempo de atendimento ao cidad\u00e3o e racionalizando o trabalho do servidor p\u00fablico.<\/p>\n\n\n\n<figure class=\"wp-block-image\"><img decoding=\"async\" src=\"https:\/\/portabilis.com.br\/wp-content\/themes\/portabilis-master\/assets\/img\/ieducar-tela.png\" alt=\"i-Educar \u2013 Portabilis\"\/><\/figure>\n\n\n\n<h4 class=\"wp-block-heading\">Totalmente Online<\/h4>\n\n\n\n<hr class=\"wp-block-separator\"\/>\n\n\n\n<p class=\"has-text-align-left\">Acess\u00edvel de qualquer lugar e com cadastro \u00fanico do aluno dispon\u00edvel para toda a rede de ensino. Economia de tempo para todos!<\/p>\n\n\n\n<h4 class=\"wp-block-heading\">Informa\u00e7\u00f5es em tempo real<\/h4>\n\n\n\n<hr class=\"wp-block-separator\"\/>\n\n\n\n<p class=\"has-text-align-left\">Obtenha dados quantitativos, financeiros e estat\u00edsticos sempre atuais de todos os processos, na hora e lugar que voc\u00ea deseja!<\/p>\n\n\n\n<div class=\"wp-block-image\"><figure class=\"aligncenter\"><img decoding=\"async\" src=\"https:\/\/i.ytimg.com\/vi\/FjroLFabtOo\/maxresdefault.jpg\" alt=\"ieducar rematricula e enturma\u00e7\u00e3o - YouTube\"\/><\/figure><\/div>\n\n\n\n<h4 class=\"wp-block-heading\">Sistema de avalia\u00e7\u00e3o flex\u00edvel<\/h4>\n\n\n\n<hr class=\"wp-block-separator\"\/>\n\n\n\n<p class=\"has-text-align-left\">Sistema de avalia\u00e7\u00e3o e relat\u00f3rios adaptados para as diferentes realidades do pais, com notas num\u00e9ricas, conceituais ou avalia\u00e7\u00e3o descritiva.<\/p>\n\n\n\n<h4 class=\"wp-block-heading\">Gest\u00e3o de servidores<\/h4>\n\n\n\n<hr class=\"wp-block-separator\"\/>\n\n\n\n<p class=\"has-text-align-left\">Gerenciamento de aloca\u00e7\u00f5es, afastamentos, substitui\u00e7\u00f5es, faltas e atrasos, oferecendo uma vis\u00e3o integrada de todos os profissionais.<\/p>\n\n\n\n<h4 class=\"wp-block-heading\">Quadro de hor\u00e1rio<\/h4>\n\n\n\n<hr class=\"wp-block-separator\"\/>\n\n\n\n<p class=\"has-text-align-left\">Gera\u00e7\u00e3o de quadro de hor\u00e1rio para an\u00e1lise das demandas e disponibilidades de profissionais na rede de ensino em cada per\u00edodo letivo.<\/p>\n\n\n\n<div class=\"wp-block-image\"><figure class=\"aligncenter\"><img decoding=\"async\" src=\"https:\/\/docplayer.com.br\/docs-images\/21\/1160463\/images\/34-0.png\" alt=\"i-educar Sistema de Gest\u00e3o Escolar - PDF Download gr\u00e1tis\"\/><\/figure><\/div>\n\n\n\n<h4 class=\"wp-block-heading\">Transporte escolar<\/h4>\n\n\n\n<hr class=\"wp-block-separator\"\/>\n\n\n\n<p class=\"has-text-align-left\">Controle de ve\u00edculos, motoristas, rotas, itiner\u00e1rios, emiss\u00e3o de carteirinha e controle de usu\u00e1rios do transporte.<\/p>\n\n\n\n<h4 class=\"wp-block-heading\">Biblioteca<\/h4>\n\n\n\n<hr class=\"wp-block-separator\"\/>\n\n\n\n<p class=\"has-text-align-left\">Gest\u00e3o completa de acervo com controle de reservas, empr\u00e9stimos e devolu\u00e7\u00e3o .Recibos de controle dispon\u00edveis para cada fase do processo.<\/p>\n\n\n\n<h4 class=\"wp-block-heading\">Relat\u00f3rios e indicadores<\/h4>\n\n\n\n<hr class=\"wp-block-separator\"\/>\n\n\n\n<p class=\"has-text-align-left\">Usufrua de uma cole\u00e7\u00e3o de mais 150 modelos de relat\u00f3rios e documentos Boletins, historia, ficha, atestados e gr\u00e1ficos.<\/p>\n\n\n\n<h4 class=\"wp-block-heading\">Educacenso\/INEP<\/h4>\n\n\n\n<hr class=\"wp-block-separator\"\/>\n\n\n\n<p class=\"has-text-align-left\">Controle de todas as informa\u00e7\u00f5es para o Censo Escolar com recursos para importa\u00e7\u00e3o e exporta\u00e7\u00e3o automatizada dos dados.<\/p>\n\n\n\n<p class=\"has-text-align-left\"><a href=\"http:\/\/nsltecnologia.com.br\/#contact-4\">SOLICITE UMA DEMONSTRA\u00c7\u00c3O<\/a>.<\/p>\n","protected":false},"excerpt":{"rendered":"<p>Sobre o i-Educar O i-Educar \u00e9 um software de gest\u00e3o escolar que centraliza as informa\u00e7\u00f5es de um sistema educacional municipal, diminuindo a necessidade de uso de papel, a duplicidade de documentos, o tempo de atendimento ao cidad\u00e3o e racionalizando o trabalho do servidor p\u00fablico. Totalmente Online Acess\u00edvel de qualquer lugar e com cadastro \u00fanico do&hellip; <br \/> <a class=\"button small blue\" href=\"https:\/\/nsltecnologia.com.br\/?page_id=239\">Leia mais<\/a><\/p>\n","protected":false},"author":1,"featured_media":0,"parent":0,"menu_order":0,"comment_status":"closed","ping_status":"closed","template":"","meta":{"_uag_custom_page_level_css":"","footnotes":""},"class_list":["post-239","page","type-page","status-publish","hentry"],"uagb_featured_image_src":{"full":false,"thumbnail":false,"medium":false,"medium_large":false,"large":false,"1536x1536":false,"2048x2048":false,"post-thumbnail":false,"one-page-express-full-hd":false},"uagb_author_info":{"display_name":"nsl","author_link":"https:\/\/nsltecnologia.com.br\/?author=1"},"uagb_comment_info":0,"uagb_excerpt":"Sobre o i-Educar O i-Educar \u00e9 um software de gest\u00e3o escolar que centraliza as informa\u00e7\u00f5es de um sistema educacional municipal, diminuindo a necessidade de uso de papel, a duplicidade de documentos, o tempo de atendimento ao cidad\u00e3o e racionalizando o trabalho do servidor p\u00fablico. Totalmente Online Acess\u00edvel de qualquer lugar e com cadastro \u00fanico do&hellip;&hellip;","_links":{"self":[{"href":"https:\/\/nsltecnologia.com.br\/index.php?rest_route=\/wp\/v2\/pages\/239","targetHints":{"allow":["GET"]}}],"collection":[{"href":"https:\/\/nsltecnologia.com.br\/index.php?rest_route=\/wp\/v2\/pages"}],"about":[{"href":"https:\/\/nsltecnologia.com.br\/index.php?rest_route=\/wp\/v2\/types\/page"}],"author":[{"embeddable":true,"href":"https:\/\/nsltecnologia.com.br\/index.php?rest_route=\/wp\/v2\/users\/1"}],"replies":[{"embeddable":true,"href":"https:\/\/nsltecnologia.com.br\/index.php?rest_route=%2Fwp%2Fv2%2Fcomments&post=239"}],"version-history":[{"count":9,"href":"https:\/\/nsltecnologia.com.br\/index.php?rest_route=\/wp\/v2\/pages\/239\/revisions"}],"predecessor-version":[{"id":30870,"href":"https:\/\/nsltecnologia.com.br\/index.php?rest_route=\/wp\/v2\/pages\/239\/revisions\/30870"}],"wp:attachment":[{"href":"https:\/\/nsltecnologia.com.br\/index.php?rest_route=%2Fwp%2Fv2%2Fmedia&parent=239"}],"curies":[{"name":"wp","href":"https:\/\/api.w.org\/{rel}","templated":true}]}}